{"id":364,"date":"2017-03-28T10:14:29","date_gmt":"2017-03-28T08:14:29","guid":{"rendered":"https:\/\/buenavita.fr\/?post_type=product&#038;p=364"},"modified":"2025-09-16T10:30:47","modified_gmt":"2025-09-16T08:30:47","slug":"cafe-grains-latino","status":"publish","type":"product","link":"https:\/\/buenavita.fr\/boutique\/boutique\/cafe-grains-latino\/","title":{"rendered":"Caf\u00e9 en grains Latino (1kg)"},"content":{"rendered":"<div class=\"flex-1 overflow-hidden\">\n<div class=\"react-scroll-to-bottom--css-ebvey-79elbk h-full\">\n<div class=\"react-scroll-to-bottom--css-ebvey-1n7m0yu\">\n<div class=\"flex flex-col pb-9 text-sm\">\n<div class=\"w-full text-token-text-primary\" data-testid=\"conversation-turn-11\">\n<div class=\"px-4 py-2 justify-center text-base md:gap-6 m-auto\">\n<div class=\"flex flex-1 text-base mx-auto gap-3 md:px-5 lg:px-1 xl:px-5 md:max-w-3xl lg:max-w-[40rem] xl:max-w-[48rem] group final-completion\">\n<div class=\"relative flex w-full flex-col lg:w-[calc(100%-115px)] agent-turn\">\n<div class=\"flex-col gap-1 md:gap-3\">\n<div class=\"flex flex-grow flex-col max-w-full\">\n<div class=\"min-h-[20px] text-message flex flex-col items-start gap-3 whitespace-pre-wrap break-words [.text-message+&amp;]:mt-5 overflow-x-auto\" data-message-author-role=\"assistant\" data-message-id=\"865baab2-bac5-4210-98b9-4f91651e2559\">\n<div class=\"markdown prose w-full break-words dark:prose-invert light\">\n<p>D\u00e9couvrez l&rsquo;exquise magie du caf\u00e9 en grains \u00ab\u00a0Latino\u00a0\u00bb, une symphonie sensorielle qui c\u00e9l\u00e8bre l&rsquo;union raffin\u00e9e des saveurs distinctes des plantations de caf\u00e9 en Inde et au Vietnam. Notre caf\u00e9, d&rsquo;une puret\u00e9 100% Arabica, provient de sources m\u00e9ticuleusement s\u00e9lectionn\u00e9es, garantissant une qualit\u00e9 sup\u00e9rieure et une d\u00e9gustation inoubliable \u00e0 chaque gorg\u00e9e.<\/p>\n<p>Cultiv\u00e9 dans les r\u00e9gions vallonn\u00e9es de l&rsquo;Inde, o\u00f9 l&rsquo;altitude et le climat favorisent des ar\u00f4mes complexes, et dans les terres fertiles du Vietnam, r\u00e9put\u00e9es pour leurs caf\u00e9s d\u00e9licats, chaque grain est choy\u00e9 d\u00e8s sa naissance. Cette attention m\u00e9ticuleuse permet de capturer les ar\u00f4mes distincts de ces origines prestigieuses, cr\u00e9ant ainsi un caf\u00e9 d&rsquo;une rare \u00e9l\u00e9gance qui c\u00e9l\u00e8bre la rencontre harmonieuse de deux cultures caf\u00e9i\u00e8res.<\/p>\n<p>L&rsquo;ar\u00f4me moyen de notre caf\u00e9 en grains 100% Arabica est une invitation \u00e0 un voyage gustatif exquis. Chaque tasse r\u00e9v\u00e8le des notes d\u00e9licates, d\u00e9ployant un \u00e9ventail de nuances florales et d&rsquo;accents l\u00e9g\u00e8rement \u00e9pic\u00e9s qui enchantent le palais \u00e0 chaque gorg\u00e9e. C&rsquo;est une exp\u00e9rience olfactive et gustative qui transcende les fronti\u00e8res, emportant vos sens dans un tourbillon de saveurs captivantes.<\/p>\n<p>Avec une acidit\u00e9 basse, notre Caf\u00e9 grains Latino offre une douceur \u00e9quilibr\u00e9e qui s\u00e9duit m\u00eame les palais les plus exigeants. Cette caract\u00e9ristique distincte garantit une exp\u00e9rience en bouche agr\u00e9able, sans la moindre trace d&rsquo;amertume excessive, permettant ainsi aux subtiles notes de chaque grain de s&rsquo;\u00e9panouir pleinement et de danser sur votre langue.<\/p>\n<p>Le corps haut de notre caf\u00e9 en grains cr\u00e9e une texture onctueuse et pleine en bouche, offrant une exp\u00e9rience cr\u00e9meuse et robuste \u00e0 chaque d\u00e9gustation. Chaque gorg\u00e9e est une v\u00e9ritable symphonie de saveurs, avec une finale persistante qui laisse une empreinte m\u00e9morable, invitant \u00e0 savourer l&rsquo;instant.<\/p>\n<p>Offrez-vous l&rsquo;\u00e9l\u00e9gance et la qualit\u00e9 sup\u00e9rieure avec notre caf\u00e9 en grains 100% Arabica, un v\u00e9ritable tr\u00e9sor des terroirs indiens et vietnamiens. Commandez d\u00e8s maintenant pour vivre une exp\u00e9rience caf\u00e9in\u00e9e exceptionnelle, rehauss\u00e9e par des notes exotiques et une qualit\u00e9 incomparable qui red\u00e9finissent l&rsquo;art du caf\u00e9.<\/p>\n<p>Retrouvez diff\u00e9rentes intensit\u00e9 de caf\u00e9 grain sur notre site :<\/p>\n<p><a href=\"https:\/\/buenavita.fr\/boutique\/categorie-produit\/cafe-en-grain\/\">https:\/\/buenavita.fr\/boutique\/categorie-produit\/cafe-en-grain\/<\/a><\/p>\n<\/div>\n<\/div>\n<\/div>\n<\/div>\n<\/div>\n<\/div>\n<\/div>\n<\/div>\n<\/div>\n<\/div>\n<\/div>\n<\/div>\n","protected":false},"excerpt":{"rendered":"<p>Explorez un monde de saveurs exotiques avec notre caf\u00e9 en grains 100% Arabica, une cr\u00e9ation exceptionnelle aux origines d&rsquo;Inde et du Vietnam. Pr\u00e9sentant un profil aromatique moyen, une acidit\u00e9 douce et un corps robuste, notre caf\u00e9 offre une exp\u00e9rience sensorielle riche et m\u00e9morable.<\/p>\n<p>Les grains soigneusement s\u00e9lectionn\u00e9s de ces terroirs prestigieux fusionnent pour cr\u00e9er un m\u00e9lange harmonieux qui \u00e9voque les paysages diversifi\u00e9s des plantations indiennes et vietnamiennes. D\u00e8s la premi\u00e8re infusion, l&rsquo;ar\u00f4me captivant transporte vos sens dans un voyage gustatif exquis.<\/p>\n<p>Avec une acidit\u00e9 basse, notre caf\u00e9 offre une douceur \u00e9quilibr\u00e9e, \u00e9liminant toute amertume excessive. Cette caract\u00e9ristique permet aux nuances subtiles de chaque grain de s&rsquo;exprimer pleinement, offrant une d\u00e9gustation envo\u00fbtante qui ravira les amateurs de caf\u00e9 les plus exigeants.<\/p>\n<p>Le corps haut de notre caf\u00e9 en grains cr\u00e9e une texture onctueuse et pleine en bouche, offrant une exp\u00e9rience cr\u00e9meuse et robuste. Chaque gorg\u00e9e est une symphonie de saveurs, avec une finale persistante qui laisse une empreinte m\u00e9morable.<\/p>\n<p>D\u00e9couvrez l&rsquo;\u00e9l\u00e9gance et la qualit\u00e9 de notre caf\u00e9 100% Arabica, un voyage sensoriel o\u00f9 les ar\u00f4mes, l&rsquo;acidit\u00e9 et le corps se conjuguent pour cr\u00e9er une exp\u00e9rience caf\u00e9in\u00e9e incomparable. Commandez d\u00e8s maintenant et plongez dans la magie de notre caf\u00e9 exceptionnel aux origines indiennes et vietnamiennes.<\/p>\n","protected":false},"featured_media":9268,"comment_status":"open","ping_status":"closed","template":"","meta":{"_acf_changed":false},"product_brand":[],"product_cat":[22],"product_tag":[],"class_list":{"0":"post-364","1":"product","2":"type-product","3":"status-publish","4":"has-post-thumbnail","6":"product_cat-cafe-en-grain","8":"first","9":"instock","10":"taxable","11":"shipping-taxable","12":"purchasable","13":"product-type-simple"},"supplier_id":null,"supplier_sku":"","barcode":null,"atum_controlled":false,"out_stock_date":null,"out_stock_threshold":null,"inheritable":false,"inbound_stock":null,"stock_on_hold":129,"sold_today":0,"sales_last_days":0,"reserved_stock":null,"customer_returns":null,"warehouse_damage":null,"lost_in_post":null,"other_logs":null,"out_stock_days":0,"lost_sales":0,"has_location":false,"update_date":"2026-04-29T03:07:17","atum_locations":[],"atum_stock_status":"instock","restock_status":false,"low_stock_amount":"","sales_update_date":"2026-04-29T03:07:17","calc_backorders":null,"acf":[],"yoast_head":"<!-- This site is optimized with the Yoast SEO plugin v27.0 - https:\/\/yoast.com\/product\/yoast-seo-wordpress\/ -->\n<title>Caf\u00e9 grains Latino - Buenavita<\/title>\n<meta name=\"description\" content=\"D\u00e9couvrez l&#039;essence exquise du Caf\u00e9 grains Latino- un voyage sensoriel \u00e0 travers les terroirs d&#039;Inde et du Vietnam. Profitez d&#039;un ar\u00f4me unique\" \/>\n<meta name=\"robots\" content=\"index, follow, max-snippet:-1, max-image-preview:large, max-video-preview:-1\" \/>\n<link rel=\"canonical\" href=\"https:\/\/buenavita.fr\/boutique\/boutique\/cafe-grains-latino\/\" \/>\n<meta property=\"og:locale\" content=\"fr_FR\" \/>\n<meta property=\"og:type\" content=\"article\" \/>\n<meta property=\"og:title\" content=\"Caf\u00e9 grains Latino - Buenavita\" \/>\n<meta property=\"og:description\" content=\"D\u00e9couvrez l&#039;essence exquise du Caf\u00e9 grains Latino- un voyage sensoriel \u00e0 travers les terroirs d&#039;Inde et du Vietnam. Profitez d&#039;un ar\u00f4me unique\" \/>\n<meta property=\"og:url\" content=\"https:\/\/buenavita.fr\/boutique\/boutique\/cafe-grains-latino\/\" \/>\n<meta property=\"og:site_name\" content=\"Buenavita\" \/>\n<meta property=\"article:publisher\" content=\"https:\/\/www.facebook.com\/buenavita.cafe\/\" \/>\n<meta property=\"article:modified_time\" content=\"2025-09-16T08:30:47+00:00\" \/>\n<meta property=\"og:image\" content=\"https:\/\/buenavita.fr\/wp-content\/uploads\/2017\/03\/LATINO-1.png\" \/>\n\t<meta property=\"og:image:width\" content=\"1024\" \/>\n\t<meta property=\"og:image:height\" content=\"1024\" \/>\n\t<meta property=\"og:image:type\" content=\"image\/png\" \/>\n<meta name=\"twitter:card\" content=\"summary_large_image\" \/>\n<meta name=\"twitter:site\" content=\"@CafeBuenavita\" \/>\n<meta name=\"twitter:label1\" content=\"Dur\u00e9e de lecture estim\u00e9e\" \/>\n\t<meta name=\"twitter:data1\" content=\"2 minutes\" \/>\n<script type=\"application\/ld+json\" class=\"yoast-schema-graph\">{\"@context\":\"https:\/\/schema.org\",\"@graph\":[{\"@type\":\"WebPage\",\"@id\":\"https:\/\/buenavita.fr\/boutique\/boutique\/cafe-grains-latino\/\",\"url\":\"https:\/\/buenavita.fr\/boutique\/boutique\/cafe-grains-latino\/\",\"name\":\"Caf\u00e9 grains Latino - Buenavita\",\"isPartOf\":{\"@id\":\"https:\/\/buenavita.fr\/boutique\/#website\"},\"primaryImageOfPage\":{\"@id\":\"https:\/\/buenavita.fr\/boutique\/boutique\/cafe-grains-latino\/#primaryimage\"},\"image\":{\"@id\":\"https:\/\/buenavita.fr\/boutique\/boutique\/cafe-grains-latino\/#primaryimage\"},\"thumbnailUrl\":\"https:\/\/buenavita.fr\/wp-content\/uploads\/2017\/03\/LATINO-1.png\",\"datePublished\":\"2017-03-28T08:14:29+00:00\",\"dateModified\":\"2025-09-16T08:30:47+00:00\",\"description\":\"D\u00e9couvrez l'essence exquise du Caf\u00e9 grains Latino- un voyage sensoriel \u00e0 travers les terroirs d'Inde et du Vietnam. Profitez d'un ar\u00f4me unique\",\"breadcrumb\":{\"@id\":\"https:\/\/buenavita.fr\/boutique\/boutique\/cafe-grains-latino\/#breadcrumb\"},\"inLanguage\":\"fr-FR\",\"potentialAction\":[{\"@type\":\"ReadAction\",\"target\":[\"https:\/\/buenavita.fr\/boutique\/boutique\/cafe-grains-latino\/\"]}]},{\"@type\":\"ImageObject\",\"inLanguage\":\"fr-FR\",\"@id\":\"https:\/\/buenavita.fr\/boutique\/boutique\/cafe-grains-latino\/#primaryimage\",\"url\":\"https:\/\/buenavita.fr\/wp-content\/uploads\/2017\/03\/LATINO-1.png\",\"contentUrl\":\"https:\/\/buenavita.fr\/wp-content\/uploads\/2017\/03\/LATINO-1.png\",\"width\":1024,\"height\":1024,\"caption\":\"caf\u00e9 grain latino\"},{\"@type\":\"BreadcrumbList\",\"@id\":\"https:\/\/buenavita.fr\/boutique\/boutique\/cafe-grains-latino\/#breadcrumb\",\"itemListElement\":[{\"@type\":\"ListItem\",\"position\":1,\"name\":\"Accueil\",\"item\":\"https:\/\/buenavita.fr\/boutique\/\"},{\"@type\":\"ListItem\",\"position\":2,\"name\":\"Caf\u00e9 en grains Latino (1kg)\"}]},{\"@type\":\"WebSite\",\"@id\":\"https:\/\/buenavita.fr\/boutique\/#website\",\"url\":\"https:\/\/buenavita.fr\/boutique\/\",\"name\":\"Buenavita\",\"description\":\"100% plaisir - sans allerg\u00e8ne - Eco responsable\",\"potentialAction\":[{\"@type\":\"SearchAction\",\"target\":{\"@type\":\"EntryPoint\",\"urlTemplate\":\"https:\/\/buenavita.fr\/boutique\/?s={search_term_string}\"},\"query-input\":{\"@type\":\"PropertyValueSpecification\",\"valueRequired\":true,\"valueName\":\"search_term_string\"}}],\"inLanguage\":\"fr-FR\"}]}<\/script>\n<!-- \/ Yoast SEO plugin. -->","yoast_head_json":{"title":"Caf\u00e9 grains Latino - Buenavita","description":"D\u00e9couvrez l'essence exquise du Caf\u00e9 grains Latino- un voyage sensoriel \u00e0 travers les terroirs d'Inde et du Vietnam. Profitez d'un ar\u00f4me unique","robots":{"index":"index","follow":"follow","max-snippet":"max-snippet:-1","max-image-preview":"max-image-preview:large","max-video-preview":"max-video-preview:-1"},"canonical":"https:\/\/buenavita.fr\/boutique\/boutique\/cafe-grains-latino\/","og_locale":"fr_FR","og_type":"article","og_title":"Caf\u00e9 grains Latino - Buenavita","og_description":"D\u00e9couvrez l'essence exquise du Caf\u00e9 grains Latino- un voyage sensoriel \u00e0 travers les terroirs d'Inde et du Vietnam. Profitez d'un ar\u00f4me unique","og_url":"https:\/\/buenavita.fr\/boutique\/boutique\/cafe-grains-latino\/","og_site_name":"Buenavita","article_publisher":"https:\/\/www.facebook.com\/buenavita.cafe\/","article_modified_time":"2025-09-16T08:30:47+00:00","og_image":[{"width":1024,"height":1024,"url":"https:\/\/buenavita.fr\/wp-content\/uploads\/2017\/03\/LATINO-1.png","type":"image\/png"}],"twitter_card":"summary_large_image","twitter_site":"@CafeBuenavita","twitter_misc":{"Dur\u00e9e de lecture estim\u00e9e":"2 minutes"},"schema":{"@context":"https:\/\/schema.org","@graph":[{"@type":"WebPage","@id":"https:\/\/buenavita.fr\/boutique\/boutique\/cafe-grains-latino\/","url":"https:\/\/buenavita.fr\/boutique\/boutique\/cafe-grains-latino\/","name":"Caf\u00e9 grains Latino - Buenavita","isPartOf":{"@id":"https:\/\/buenavita.fr\/boutique\/#website"},"primaryImageOfPage":{"@id":"https:\/\/buenavita.fr\/boutique\/boutique\/cafe-grains-latino\/#primaryimage"},"image":{"@id":"https:\/\/buenavita.fr\/boutique\/boutique\/cafe-grains-latino\/#primaryimage"},"thumbnailUrl":"https:\/\/buenavita.fr\/wp-content\/uploads\/2017\/03\/LATINO-1.png","datePublished":"2017-03-28T08:14:29+00:00","dateModified":"2025-09-16T08:30:47+00:00","description":"D\u00e9couvrez l'essence exquise du Caf\u00e9 grains Latino- un voyage sensoriel \u00e0 travers les terroirs d'Inde et du Vietnam. Profitez d'un ar\u00f4me unique","breadcrumb":{"@id":"https:\/\/buenavita.fr\/boutique\/boutique\/cafe-grains-latino\/#breadcrumb"},"inLanguage":"fr-FR","potentialAction":[{"@type":"ReadAction","target":["https:\/\/buenavita.fr\/boutique\/boutique\/cafe-grains-latino\/"]}]},{"@type":"ImageObject","inLanguage":"fr-FR","@id":"https:\/\/buenavita.fr\/boutique\/boutique\/cafe-grains-latino\/#primaryimage","url":"https:\/\/buenavita.fr\/wp-content\/uploads\/2017\/03\/LATINO-1.png","contentUrl":"https:\/\/buenavita.fr\/wp-content\/uploads\/2017\/03\/LATINO-1.png","width":1024,"height":1024,"caption":"caf\u00e9 grain latino"},{"@type":"BreadcrumbList","@id":"https:\/\/buenavita.fr\/boutique\/boutique\/cafe-grains-latino\/#breadcrumb","itemListElement":[{"@type":"ListItem","position":1,"name":"Accueil","item":"https:\/\/buenavita.fr\/boutique\/"},{"@type":"ListItem","position":2,"name":"Caf\u00e9 en grains Latino (1kg)"}]},{"@type":"WebSite","@id":"https:\/\/buenavita.fr\/boutique\/#website","url":"https:\/\/buenavita.fr\/boutique\/","name":"Buenavita","description":"100% plaisir - sans allerg\u00e8ne - Eco responsable","potentialAction":[{"@type":"SearchAction","target":{"@type":"EntryPoint","urlTemplate":"https:\/\/buenavita.fr\/boutique\/?s={search_term_string}"},"query-input":{"@type":"PropertyValueSpecification","valueRequired":true,"valueName":"search_term_string"}}],"inLanguage":"fr-FR"}]}},"_links":{"self":[{"href":"https:\/\/buenavita.fr\/boutique\/wp-json\/wp\/v2\/product\/364","targetHints":{"allow":["GET"]}}],"collection":[{"href":"https:\/\/buenavita.fr\/boutique\/wp-json\/wp\/v2\/product"}],"about":[{"href":"https:\/\/buenavita.fr\/boutique\/wp-json\/wp\/v2\/types\/product"}],"replies":[{"embeddable":true,"href":"https:\/\/buenavita.fr\/boutique\/wp-json\/wp\/v2\/comments?post=364"}],"wp:featuredmedia":[{"embeddable":true,"href":"https:\/\/buenavita.fr\/boutique\/wp-json\/wp\/v2\/media\/9268"}],"wp:attachment":[{"href":"https:\/\/buenavita.fr\/boutique\/wp-json\/wp\/v2\/media?parent=364"}],"wp:term":[{"taxonomy":"product_brand","embeddable":true,"href":"https:\/\/buenavita.fr\/boutique\/wp-json\/wp\/v2\/product_brand?post=364"},{"taxonomy":"product_cat","embeddable":true,"href":"https:\/\/buenavita.fr\/boutique\/wp-json\/wp\/v2\/product_cat?post=364"},{"taxonomy":"product_tag","embeddable":true,"href":"https:\/\/buenavita.fr\/boutique\/wp-json\/wp\/v2\/product_tag?post=364"}],"curies":[{"name":"wp","href":"https:\/\/api.w.org\/{rel}","templated":true}]}}